{"id":3,"date":"2025-03-26T11:47:01","date_gmt":"2025-03-26T11:47:01","guid":{"rendered":"http:\/\/127.0.0.1\/?page_id=3"},"modified":"2025-04-06T09:27:28","modified_gmt":"2025-04-06T08:27:28","slug":"privacy-policy","status":"publish","type":"page","link":"https:\/\/www.edge44.com\/en\/privacy-policy\/","title":{"rendered":"Privacy Policy"},"content":{"rendered":"<h2 class=\"wp-block-heading\">POLITYKA PRYWATNO\u015aCI<\/h2>\n\n\n\n<p><strong>\u00a71. Administrator danych osobowych<\/strong>\u00a0<br>\u00a0<br>Administratorem danych osobowych w rozumieniu art. 4 pkt 7 rozporz\u0105dzenia Parlamentu Europejskiego i Rady (UE) 2016\/679 z dn. 27.04.2016 r. w sprawie ochrony os\u00f3b fizycznych w zwi\u0105zku z\u202fprzetwarzaniem danych osobowych i w sprawie swobodnego przep\u0142ywu takich danych oraz uchylenia dyrektywy 95\/46\/WE (RODO) jest EDGE44 Sp\u00f3\u0142ka z ograniczon\u0105 odpowiedzialno\u015bci\u0105 z siedzib\u0105 w Warszawie pod adresem ul. Podmiejska 5 lok. 1 31-462 Krak\u00f3w, NIP: 7011210532, REGON: 528958421, wpisana do rejestru przedsi\u0119biorc\u00f3w Krajowego Rejestru S\u0105dowego pod numerem KRS: 0001112021, s\u0105d rejestrowy: S\u0105d Rejonowy dla m. st. Warszawy w Warszawie, XII Wydzia\u0142 Gospodarczy Krajowego Rejestru S\u0105dowego, kapita\u0142 zak\u0142adowy: 150.000,00 z\u0142.\u00a0<br>Adres e-mail administratora danych: <strong>rodo@edge44.com<\/strong>\u00a0<br>Administrator w my\u015bl art. 32 ust. 1 RODO przestrzega zasady ochrony danych osobowych oraz stosuje odpowiednie \u015brodki techniczne i organizacyjne w celu zapobie\u017cenia przypadkowego lub niezgodnego z\u202fprawem zniszczenia, utraty, modyfikacji, nieuprawnionego ujawnienia lub nieuprawnionego dost\u0119pu do danych osobowych przetwarzanych w zwi\u0105zku z prowadzon\u0105 dzia\u0142alno\u015bci\u0105.\u00a0<br>Podanie danych osobowych przez klienta jest dobrowolne, ale niezb\u0119dne w\u202fcelu kontaktu lub zawarcia umowy z administratorem danych.\u00a0<br>Administrator danych przetwarza dane osobowe w zakresie niezb\u0119dnym do realizacji umowy lub \u015bwiadczenia us\u0142ug na rzecz osoby, kt\u00f3rej dane dotycz\u0105.\u00a0<br>\u00a0<br><strong>\u00a72. Cel i podstawy przetwarzania danych osobowych<\/strong>\u00a0<br>\u00a0<br>Administrator przetwarza dane osobowe w nast\u0119puj\u0105cych celach:\u00a0<br>przygotowanie oferty w odpowiedzi na zainteresowanie klienta, co jest prawnie uzasadnionym interesem administratora danych (art. 6 ust. 1 lit. f RODO);\u00a0<br>zawieranie i realizacja um\u00f3w z klientami, na podstawie zawartej umowy (art. 6 ust. 1\u202flit. b RODO);\u00a0<br>obs\u0142uga procesu reklamacyjnego, na podstawie obowi\u0105zku ci\u0105\u017c\u0105cym na administratorze danych w zwi\u0105zku z obowi\u0105zuj\u0105cymi przepisami prawa (art. 6 ust. 1\u202flit. c RODO);\u00a0<br>rachunkowych zwi\u0105zanych z wystawianiem i przyjmowaniem dokument\u00f3w rozliczeniowych, na podstawie przepis\u00f3w prawa podatkowego (art. 6 ust. 1 lit. c RODO);\u00a0<br>archiwizacja danych dla ewentualnego ustalenia, dochodzenia lub obrony przed roszczeniami lub potrzeby wykazania fakt\u00f3w, co jest prawnie uzasadnionym interesem administratora danych (art. 6\u202fust. 1 lit f RODO);\u00a0<br>kontakt telefoniczny lub za po\u015brednictwem poczty elektronicznej, w\u202fszczeg\u00f3lno\u015bci w odpowiedzi na zapytania kierowane do administratora danych, co jest prawnie uzasadnionym interesem administratora danych (art. 6 ust. 1 lit. f RODO);\u00a0<br>marketing, co jest jego prawnie uzasadnionym interesem (art. 6 ust. 1 lit. f RODO) lub odbywa si\u0119 na podstawie uprzednio udzielonej zgody (art. 6 ust. 1 lit. a RODO).\u00a0<br>\u00a0<br><strong>\u00a73. Odbiorcy danych. Przekazywanie danych do pa\u0144stw trzecich<\/strong>\u00a0<br>\u00a0<br>Odbiorcami danych osobowych przetwarzanych przez administratora danych mog\u0105 by\u0107 podmioty wsp\u00f3\u0142pracuj\u0105ce z administratorem danych, gdy jest to niezb\u0119dne do realizacji umowy zawartej z osob\u0105, kt\u00f3rej dane dotycz\u0105.\u00a0<br>Odbiorcami danych osobowych przetwarzanych przez administratora danych mog\u0105 by\u0107 r\u00f3wnie\u017c podwykonawcy \u2013 podmioty, z kt\u00f3rych us\u0142ug korzysta administrator danych przy przetwarzaniu danych np. kancelarie prawne, podmioty \u015bwiadcz\u0105ce us\u0142ugi IT (w tym us\u0142ugi hostingowe).\u00a0<br>Administrator danych mo\u017ce by\u0107 zobowi\u0105zany do udostepnienia danych osobowych na podstawie obowi\u0105zuj\u0105cych przepis\u00f3w prawa, w szczeg\u00f3lno\u015bci do udost\u0119pnienia danych osobowych uprawnionym organom lub instytucjom pa\u0144stwowym.\u00a0\u00a0<br>Dane osobowe nie zostan\u0105 przekazane do podmiotu maj\u0105cego siedzib\u0119 poza Europejskim Obszarem Gospodarczym.\u00a0<br>\u00a0<br><strong>\u00a74. Okres przechowywania danych osobowych<\/strong>\u00a0<br>\u00a0<br>Administrator danych przechowuje dane osobowe przez okres obowi\u0105zywania umowy zawartej z osob\u0105, kt\u00f3rej dane dotycz\u0105 oraz po zako\u0144czeniu jej obowi\u0105zywania w\u202fcelach zwi\u0105zanych z\u202fdochodzeniem roszcze\u0144 zwi\u0105zanych z\u202fumow\u0105, wykonania obowi\u0105zk\u00f3w wynikaj\u0105cych z\u202fobowi\u0105zuj\u0105cych przepis\u00f3w prawa, ale przez czas nie d\u0142u\u017cszy ni\u017c termin przedawnienia zgodnie z przepisami Kodeksu cywilnego.\u00a0<br>Administrator danych przechowuje dane osobowe znajduj\u0105ce si\u0119 na dokumentach rozliczeniowych przez okres wskazany przepisami prawa podatkowego.\u00a0<br>Administrator danych przechowuje dane osobowe przetwarzane w celach marketingowych przez okres lat 10, jednak nie dalej ni\u017c do momentu wycofania zgody na przetwarzanie danych lub wniesienia sprzeciwu wobec przetwarzania danych.\u00a0<br>Administrator danych przechowuje dane osobowe w celach innych ni\u017c wskazane w ust. 1-3 przez okres jednego roku, chyba \u017ce wcze\u015bniej wycofano zgod\u0119 na przetwarzanie danych, a\u202fprzetwarzanie danych nie mo\u017ce by\u0107 kontynuowane na innej podstawie ni\u017c zgoda osoby, kt\u00f3rej dane dotycz\u0105.\u00a0<br>\u00a0<br><strong>\u00a75. Uprawnienia osoby, kt\u00f3rej dane dotycz\u0105<\/strong>\u00a0<br>\u00a0<br>1. Ka\u017cda osoba, kt\u00f3rej dane dotycz\u0105, ma prawo:\u00a0<br><strong>dost\u0119pu<\/strong> \u2013 uzyskania od administratora potwierdzenia, czy przetwarzane s\u0105 jej dane osobowe. Je\u017celi dane o osobie s\u0105 przetwarzane, jest ona uprawniona do uzyskania dost\u0119pu do nich oraz uzyskania nast\u0119puj\u0105cych informacji: o celach przetwarzania, kategoriach danych osobowych, informacji o odbiorcach lub kategoriach odbiorc\u00f3w, kt\u00f3rym dane zosta\u0142y lub zostan\u0105 ujawnione, o okresie przechowywania danych lub o\u202fkryteriach ich ustalania, o prawie do \u017c\u0105dania sprostowania, usuni\u0119cia lub ograniczenia przetwarzania danych osobowych przys\u0142uguj\u0105cych osobie, kt\u00f3rej dane dotycz\u0105, oraz do wniesienia sprzeciwu wobec takiego przetwarzania (art. 15 RODO);\u00a0<br><strong>do otrzymania kopii danych<\/strong> \u2013 uzyskania kopii danych podlegaj\u0105cych przetwarzaniu, przy czym pierwsza kopia jest bezp\u0142atna, a za kolejne kopie administrator mo\u017ce na\u0142o\u017cy\u0107 op\u0142at\u0119 w rozs\u0105dnej wysoko\u015bci wynikaj\u0105c\u0105 z koszt\u00f3w administracyjnych (art. 15 ust. 3 RODO);\u00a0<br><strong>do sprostowania<\/strong> \u2013 \u017c\u0105dania sprostowania dotycz\u0105cych jej danych osobowych, kt\u00f3re s\u0105 nieprawid\u0142owe lub uzupe\u0142nienia niekompletnych danych (art. 16 RODO);\u00a0<br><strong>do usuni\u0119cia danych<\/strong> \u2013 \u017c\u0105dania usuni\u0119cia jej danych osobowych, je\u017celi administrator nie ma ju\u017c podstawy prawnej do ich przetwarzania lub dane nie s\u0105 ju\u017c niezb\u0119dne do cel\u00f3w przetwarzania (art. 17 RODO);\u00a0<br><strong>do ograniczenia przetwarzania<\/strong> \u2013 \u017c\u0105dania ograniczenia przetwarzania danych osobowych (art. 18 RODO), gdy:\u00a0\u00a0<br>&#8211; osoba, kt\u00f3rej dane dotycz\u0105, kwestionuje prawid\u0142owo\u015b\u0107 danych osobowych \u2013 na okres pozwalaj\u0105cy administratorowi sprawdzi\u0107 prawid\u0142owo\u015b\u0107 tych danych,\u00a0<br>&#8211; przetwarzanie jest niezgodne z prawem, a osoba, kt\u00f3rej dane dotycz\u0105, sprzeciwia si\u0119 ich usuni\u0119ciu, \u017c\u0105daj\u0105c ograniczenia ich wykorzystywania,\u00a0<br>&#8211; administrator nie potrzebuje ju\u017c tych danych, ale s\u0105 one potrzebne osobie, kt\u00f3rej dane dotycz\u0105, do ustalenia, dochodzenia lub obrony roszcze\u0144,\u00a0<br>&#8211; osoba, kt\u00f3rej dane dotycz\u0105, wnios\u0142a sprzeciw wobec przetwarzania \u2013 do czasu stwierdzenia, czy prawnie uzasadnione podstawy po stronie administratora s\u0105 nadrz\u0119dne wobec podstaw sprzeciwu osoby, kt\u00f3rej dane dotycz\u0105;\u00a0<br><strong>do przenoszenia danych<\/strong> \u2013 otrzymania w ustrukturyzowanym, powszechnie u\u017cywanym formacie nadaj\u0105cym si\u0119 do odczytu maszynowego danych osobowych jej dotycz\u0105cych, kt\u00f3re dostarczy\u0142a administratorowi, oraz \u017c\u0105dania przes\u0142ania tych danych innemu administratorowi, je\u017celi dane s\u0105 przetwarzane na podstawie zgody osoby, kt\u00f3rej dane dotycz\u0105 lub umowy z ni\u0105 zawartej oraz je\u017celi dane s\u0105 przetwarzane w spos\u00f3b zautomatyzowany (art. 20 RODO);\u00a0<br><strong>do sprzeciwu<\/strong> \u2013 wniesienia sprzeciwu wobec przetwarzania jej danych osobowych w\u202fprawnie uzasadnionych celach administratora, z przyczyn zwi\u0105zanych z jej szczeg\u00f3ln\u0105 sytuacj\u0105, w tym wobec profilowania. W\u00f3wczas administrator dokonuje oceny istnienia wa\u017cnych prawnie uzasadnionych podstaw do przetwarzania, nadrz\u0119dnych wobec interes\u00f3w, praw i wolno\u015bci os\u00f3b, kt\u00f3rych dane dotycz\u0105, lub podstaw do ustalenia, dochodzenia lub obrony roszcze\u0144. Je\u017celi zgodnie z ocen\u0105 interesy osoby, kt\u00f3rej dane dotycz\u0105, b\u0119d\u0105 wa\u017cniejsze od interes\u00f3w administratora, administrator b\u0119dzie zobowi\u0105zany zaprzesta\u0107 przetwarzania danych w tych celach (art. 21 RODO).\u00a0<br>Aby skorzysta\u0107 z wy\u017cej wymienionych praw, osoba, kt\u00f3rej dane dotycz\u0105, powinna skontaktowa\u0107 si\u0119, wykorzystuj\u0105c podane dane kontaktowe, z administratorem i\u202fpoinformowa\u0107 go, z kt\u00f3rego prawa i w jakim zakresie chce skorzysta\u0107.\u00a0<br>Osoba, kt\u00f3rej dane dotycz\u0105, ma prawo wnie\u015b\u0107 skarg\u0119 do organu nadzoru, kt\u00f3rym jest Prezes Urz\u0119du Ochrony Danych Osobowych w Warszawie.\u00a0<br>\u00a0<br><strong>\u00a76. Profilowanie<\/strong>\u00a0<br>\u00a0<br>Dane osobowe uzyskane przez administratora danych nie b\u0119d\u0105 przetwarzane w\u202fspos\u00f3b automatyczny \u2013 w tym w formie profilowania.\u00a0<br>\u00a0<br><strong>POLITYKA COOKIES<\/strong>\u00a0<br>Strona internetowa nie zbiera w spos\u00f3b automatyczny \u017cadnych informacji, z wyj\u0105tkiem informacji zawartych w\u202fplikach cookies.\u00a0<br>Pliki cookies (tzw. &#8222;ciasteczka&#8221;) stanowi\u0105 dane informatyczne, w szczeg\u00f3lno\u015bci pliki tekstowe, kt\u00f3re przechowywane s\u0105 w urz\u0105dzeniu ko\u0144cowym u\u017cytkownika korzystaj\u0105cego z system\u00f3w oraz stron internetowych udost\u0119pnianych przez us\u0142ugodawc\u0119 i przeznaczone s\u0105 do korzystania oraz obs\u0142ugi tych system\u00f3w i stron internetowych. Cookies zazwyczaj zawieraj\u0105 nazw\u0119 strony internetowej z kt\u00f3rej pochodz\u0105, czas przechowywania ich na urz\u0105dzeniu ko\u0144cowym u\u017cytkownika oraz unikalny numer.\u00a0<br>Pliki cookies stosowane przez us\u0142ugodawc\u0119 wykorzystywane s\u0105 w celu:\u202f\u00a0<br>dostosowania zawarto\u015bci stron internetowych do preferencji u\u017cytkownika oraz optymalizacji korzystania ze stron internetowych; w szczeg\u00f3lno\u015bci pliki te pozwalaj\u0105 rozpozna\u0107 urz\u0105dzenie u\u017cytkownika ii odpowiednio wy\u015bwietli\u0107 stron\u0119 internetow\u0105, dostosowan\u0105 do jego indywidualnych potrzeb;\u202f\u00a0<br>tworzenia statystyk, kt\u00f3re pomagaj\u0105 zrozumie\u0107, w jaki spos\u00f3b u\u017cytkownicy korzystaj\u0105 z system\u00f3w oraz stron internetowych, co umo\u017cliwia ulepszanie ich struktury i zawarto\u015bci;\u202f\u00a0<br>utrzymanie sesji u\u017cytkownika w celu umo\u017cliwienia powrotu do zawarto\u015bci formularzy dost\u0119pnych na stronach internetowych.\u00a0<br>W ramach system\u00f3w oraz stron internetowych udost\u0119pnianych przez us\u0142ugodawc\u0119 stosowane s\u0105 nast\u0119puj\u0105ce rodzaje plik\u00f3w cookies:\u202f\u00a0<br>&#8222;sesyjne&#8221; (session cookies) oraz &#8222;sta\u0142e&#8221; (persistent cookies). Cookies &#8222;sesyjne&#8221; s\u0105 plikami tymczasowymi, kt\u00f3re przechowywane s\u0105 w urz\u0105dzeniu ko\u0144cowym u\u017cytkownika do czasu wylogowania, opuszczenia strony internetowej lub wy\u0142\u0105czenia oprogramowania (przegl\u0105darki internetowej). &#8222;Sta\u0142e&#8221; pliki cookies przechowywane s\u0105 w urz\u0105dzeniu ko\u0144cowym u\u017cytkownika przez czas okre\u015blony w parametrach plik\u00f3w cookies lub do czasu ich usuni\u0119cia przez u\u017cytkownika;\u00a0<br>&#8222;niezb\u0119dne&#8221; pliki cookies, umo\u017cliwiaj\u0105ce korzystanie z us\u0142ug dost\u0119pnych w ramach system\u00f3w oraz stron internetowych, np. uwierzytelniaj\u0105ce pliki cookies wykorzystywane do us\u0142ug wymagaj\u0105cych uwierzytelniania;\u202f\u00a0<br>&#8222;funkcjonalne&#8221; pliki cookies, umo\u017cliwiaj\u0105ce &#8222;zapami\u0119tanie&#8221; wybranych przez u\u017cytkownika ustawie\u0144 i personalizacj\u0119 interfejsu u\u017cytkownika, np. w zakresie wybranego j\u0119zyka lub regionu, z kt\u00f3rego pochodzi, rozmiaru czcionki, wygl\u0105du strony internetowej itp.\u00a0<br>W wielu przypadkach oprogramowanie s\u0142u\u017c\u0105ce do przegl\u0105dania stron internetowych (przegl\u0105darka internetowa) domy\u015blnie dopuszcza przechowywanie plik\u00f3w cookies w urz\u0105dzeniu ko\u0144cowym u\u017cytkownika. U\u017cytkownicy mog\u0105 dokona\u0107 w ka\u017cdym czasie zmiany ustawie\u0144 dotycz\u0105cych plik\u00f3w cookies. Ustawienia te mog\u0105 zosta\u0107 zmienione w szczeg\u00f3lno\u015bci w taki spos\u00f3b, aby blokowa\u0107 automatyczn\u0105 obs\u0142ug\u0119 plik\u00f3w cookies w ustawieniach przegl\u0105darki internetowej b\u0105d\u017a informowa\u0107 o\u202fich ka\u017cdorazowym zamieszczeniu w urz\u0105dzeniu u\u017cytkownika. Szczeg\u00f3\u0142owe informacje o\u202fmo\u017cliwo\u015bci i sposobach obs\u0142ugi plik\u00f3w cookies dost\u0119pne s\u0105 w ustawieniach oprogramowania (przegl\u0105darki internetowej). Szczeg\u00f3\u0142owe informacje o\u202fmo\u017cliwo\u015bci i sposobach obs\u0142ugi plik\u00f3w cookies dost\u0119pne s\u0105 w ustawieniach oprogramowania (przegl\u0105darki internetowej) oraz zosta\u0142y opisane tutaj:\u00a0<br><a href=\"https:\/\/help.opera.com\/pl\/latest\/web-preferences\/#cookies\" target=\"_blank\" rel=\"noreferrer noopener\">Przegl\u0105darka Opera<\/a>,\u00a0<br><a href=\"https:\/\/support.mozilla.org\/pl\/kb\/wzmocniona-ochrona-przed-sledzeniem-firefox-desktop?redirectslug=W%C5%82%C4%85czanie+i+wy%C5%82%C4%85czanie+obs%C5%82ugi+ciasteczek&amp;redirectlocale=pl\" target=\"_blank\" rel=\"noreferrer noopener\">Przegl\u0105darka Firefox<\/a>,\u00a0<br><a href=\"https:\/\/support.google.com\/chrome\/answer\/95647?hl=pl\" target=\"_blank\" rel=\"noreferrer noopener\">Przegl\u0105darka Chrome<\/a>,\u00a0<br><a href=\"https:\/\/support.microsoft.com\/pl-pl\/windows\/usuwanie-plik%C3%B3w-cookie-i-zarz%C4%85dzanie-nimi-168dab11-0753-043d-7c16-ede5947fc64d\" target=\"_blank\" rel=\"noreferrer noopener\">Przegl\u0105darka Microsoft Edge<\/a>,\u00a0<br><a href=\"https:\/\/support.apple.com\/pl-pl\/guide\/safari\/sfri11471\/mac\" target=\"_blank\" rel=\"noreferrer noopener\">Przegl\u0105darka Safari<\/a>.\u00a0<br>Informujemy, \u017ce ograniczenia stosowania plik\u00f3w cookies mog\u0105 wp\u0142yn\u0105\u0107 na niekt\u00f3re funkcjonalno\u015bci dost\u0119pne w systemach lub na stronach internetowych.\u00a0<br>\u00a0<br>\u00a0<br>\u00a0<\/p>","protected":false},"excerpt":{"rendered":"<p>POLITYKA PRYWATNO\u015aCI \u00a71. Administrator danych osobowych\u00a0\u00a0Administratorem danych osobowych w rozumieniu art. 4 pkt 7 rozporz\u0105dzenia Parlamentu Europejskiego i Rady (UE) 2016\/679 z dn. 27.04.2016 r. w sprawie ochrony os\u00f3b fizycznych w zwi\u0105zku z\u202fprzetwarzaniem danych osobowych i w sprawie swobodnego przep\u0142ywu takich danych oraz uchylenia dyrektywy 95\/46\/WE (RODO) jest EDGE44 Sp\u00f3\u0142ka z ograniczon\u0105 odpowiedzialno\u015bci\u0105 z siedzib\u0105 [&hellip;]<\/p>\n","protected":false},"author":1,"featured_media":0,"parent":0,"menu_order":0,"comment_status":"closed","ping_status":"open","template":"","meta":{"saved_in_kubio":true,"footnotes":""},"class_list":["post-3","page","type-page","status-publish","hentry"],"kubio_ai_page_context":{"short_desc":"","purpose":"general"},"jetpack_sharing_enabled":true,"_links":{"self":[{"href":"https:\/\/www.edge44.com\/en\/wp-json\/wp\/v2\/pages\/3","targetHints":{"allow":["GET"]}}],"collection":[{"href":"https:\/\/www.edge44.com\/en\/wp-json\/wp\/v2\/pages"}],"about":[{"href":"https:\/\/www.edge44.com\/en\/wp-json\/wp\/v2\/types\/page"}],"author":[{"embeddable":true,"href":"https:\/\/www.edge44.com\/en\/wp-json\/wp\/v2\/users\/1"}],"replies":[{"embeddable":true,"href":"https:\/\/www.edge44.com\/en\/wp-json\/wp\/v2\/comments?post=3"}],"version-history":[{"count":2,"href":"https:\/\/www.edge44.com\/en\/wp-json\/wp\/v2\/pages\/3\/revisions"}],"predecessor-version":[{"id":150,"href":"https:\/\/www.edge44.com\/en\/wp-json\/wp\/v2\/pages\/3\/revisions\/150"}],"wp:attachment":[{"href":"https:\/\/www.edge44.com\/en\/wp-json\/wp\/v2\/media?parent=3"}],"curies":[{"name":"wp","href":"https:\/\/api.w.org\/{rel}","templated":true}]}}